{"id":6654,"date":"2021-07-09T11:17:59","date_gmt":"2021-07-09T11:17:59","guid":{"rendered":"http:\/\/capivo.cat\/?page_id=6654"},"modified":"2024-03-11T17:30:57","modified_gmt":"2024-03-11T17:30:57","slug":"memoria-2020","status":"publish","type":"page","link":"https:\/\/capivo.cat\/ca\/memoria-2020\/","title":{"rendered":"Mem\u00f2ria"},"content":{"rendered":"<p>[vc_row content_full_width=&#8221;1&#8243; css=&#8221;.vc_custom_1625746689851{margin-top: -12px !important;margin-bottom: -35px !important;}&#8221; el_class=&#8221;bajar&#8221;][vc_column][vc_empty_space height=&#8221;26&#8243;][vc_column_text]<\/p>\n<h2 style=\"text-align: center;\"><span style=\"color: #75c6ba;\">Mem\u00f2ria anual 2020<br \/>\n<\/span><\/h2>\n<p>[\/vc_column_text][vc_empty_space height=&#8221;26&#8243;][vc_images_carousel images=&#8221;6709&#8243; img_size=&#8221;full&#8221; onclick=&#8221;link_no&#8221; autoplay=&#8221;yes&#8221; hide_pagination_control=&#8221;yes&#8221; hide_prev_next_buttons=&#8221;yes&#8221; wrap=&#8221;yes&#8221;][vc_row_inner el_class=&#8221;bg-img-none margin-t-40&#8243; css=&#8221;.vc_custom_1625829634591{padding-top: 20px !important;padding-right: 10% !important;padding-bottom: 10px !important;padding-left: 10% !important;background-color: rgba(255,255,255,0.8) !important;background-position: center !important;background-repeat: no-repeat !important;background-size: cover !important;*background-color: rgb(255,255,255) !important;}&#8221; el_id=&#8221;serveis&#8221;][vc_column_inner offset=&#8221;vc_col-lg-3 vc_col-md-12 vc_col-xs-12&#8243; css=&#8221;.vc_custom_1462551288159{padding-top: 0px !important;}&#8221;][vc_single_image image=&#8221;6706&#8243; img_size=&#8221;full&#8221; alignment=&#8221;center&#8221; onclick=&#8221;custom_link&#8221; link=&#8221;#presentacio&#8221;][vc_column_text]<\/p>\n<p style=\"text-align: center;\"><a href=\"#presentacio\">PRESENTACI\u00d3<\/a><\/p>\n<p>[\/vc_column_text][vc_raw_html]JTNDZGl2JTIwaWQlM0QlMjJtYW50ZW5pbWllbnRvLWluZm9ybWF0aWNvJTIyJTNFJTNDJTJGZGl2JTNF[\/vc_raw_html][\/vc_column_inner][vc_column_inner offset=&#8221;vc_col-lg-3 vc_col-md-12 vc_col-xs-12&#8243; css=&#8221;.vc_custom_1462551298627{padding-top: 0px !important;}&#8221;][vc_single_image image=&#8221;6710&#8243; img_size=&#8221;full&#8221; alignment=&#8221;center&#8221; onclick=&#8221;custom_link&#8221; link=&#8221;#organigrama&#8221;][vc_column_text]<\/p>\n<p style=\"text-align: center;\"><a href=\"#organigrama\">ORGANIGRAMA<\/a><\/p>\n<p>[\/vc_column_text][vc_raw_html]JTNDZGl2JTIwaWQlM0QlMjJyZXMlMjIlM0UlM0MlMkZkaXYlM0U=[\/vc_raw_html][\/vc_column_inner][vc_column_inner offset=&#8221;vc_col-lg-3 vc_col-md-12 vc_col-xs-12&#8243; css=&#8221;.vc_custom_1462551327908{padding-top: 0px !important;}&#8221;][vc_single_image image=&#8221;6707&#8243; img_size=&#8221;full&#8221; alignment=&#8221;center&#8221; onclick=&#8221;custom_link&#8221; link=&#8221;#activitat&#8221;][vc_column_text]<\/p>\n<p style=\"text-align: center;\"><a href=\"#activitat\">ACTIVITAT DELS CDIAP&#8217;S<\/a><\/p>\n<p>[\/vc_column_text][vc_raw_html]JTNDZGl2JTIwaWQlM0QlMjJyZXMlMjIlM0UlM0MlMkZkaXYlM0U=[\/vc_raw_html][\/vc_column_inner][vc_column_inner offset=&#8221;vc_col-lg-3 vc_col-md-12 vc_col-xs-12&#8243; css=&#8221;.vc_custom_1462551341948{padding-top: 0px !important;}&#8221;][vc_single_image image=&#8221;6708&#8243; img_size=&#8221;full&#8221; alignment=&#8221;center&#8221; onclick=&#8221;custom_link&#8221; link=&#8221;#formacio&#8221;][vc_column_text]<\/p>\n<p style=\"text-align: center;\"><a href=\"#formacio\">FORMACI\u00d3 I ASSESSORAMENT<\/a><\/p>\n<p>[\/vc_column_text][vc_raw_html]JTNDZGl2JTIwaWQlM0QlMjJyZXMlMjIlM0UlM0MlMkZkaXYlM0U=[\/vc_raw_html][\/vc_column_inner][\/vc_row_inner][vc_row_inner el_class=&#8221;bg-img-none margin-t-40&#8243; css=&#8221;.vc_custom_1467826203869{padding-top: 20px !important;padding-right: 10% !important;padding-bottom: 10px !important;padding-left: 10% !important;background-color: rgba(255,255,255,0.8) !important;background-position: center !important;background-repeat: no-repeat !important;background-size: cover !important;*background-color: rgb(255,255,255) !important;}&#8221; el_id=&#8221;serveis2&#8243;][vc_column_inner offset=&#8221;vc_col-lg-3 vc_col-md-12 vc_col-xs-12&#8243; css=&#8221;.vc_custom_1462551288159{padding-top: 0px !important;}&#8221;][vc_single_image image=&#8221;6706&#8243; img_size=&#8221;full&#8221; alignment=&#8221;center&#8221; onclick=&#8221;custom_link&#8221; link=&#8221;#presentacio&#8221;][vc_column_text]<\/p>\n<p style=\"text-align: center;\"><a href=\"#presentacio\">PRESENTACI\u00d3<\/a><\/p>\n<p>[\/vc_column_text][vc_raw_html]JTNDZGl2JTIwaWQlM0QlMjJtYW50ZW5pbWllbnRvLWluZm9ybWF0aWNvJTIyJTNFJTNDJTJGZGl2JTNF[\/vc_raw_html][\/vc_column_inner][vc_column_inner offset=&#8221;vc_col-lg-3 vc_col-md-12 vc_col-xs-12&#8243; css=&#8221;.vc_custom_1462551298627{padding-top: 0px !important;}&#8221;][vc_single_image image=&#8221;6710&#8243; img_size=&#8221;full&#8221; alignment=&#8221;center&#8221; onclick=&#8221;custom_link&#8221; link=&#8221;#organigrama&#8221;][vc_column_text]<\/p>\n<p style=\"text-align: center;\"><a href=\"#organigrama\">ORGANIGRAMA<\/a><\/p>\n<p>[\/vc_column_text][vc_raw_html]JTNDZGl2JTIwaWQlM0QlMjJyZXMlMjIlM0UlM0MlMkZkaXYlM0U=[\/vc_raw_html][\/vc_column_inner][vc_column_inner offset=&#8221;vc_col-lg-3 vc_col-md-12 vc_col-xs-12&#8243; css=&#8221;.vc_custom_1462551327908{padding-top: 0px !important;}&#8221;][vc_single_image image=&#8221;6707&#8243; img_size=&#8221;full&#8221; alignment=&#8221;center&#8221; onclick=&#8221;custom_link&#8221; link=&#8221;#activitat&#8221;][vc_column_text]<\/p>\n<p style=\"text-align: center;\"><a href=\"#activitat\">ACTIVITAT DELS CDIAP&#8217;S<\/a><\/p>\n<p>[\/vc_column_text][vc_raw_html]JTNDZGl2JTIwaWQlM0QlMjJyZXMlMjIlM0UlM0MlMkZkaXYlM0U=[\/vc_raw_html][\/vc_column_inner][vc_column_inner offset=&#8221;vc_col-lg-3 vc_col-md-12 vc_col-xs-12&#8243; css=&#8221;.vc_custom_1462551341948{padding-top: 0px !important;}&#8221;][vc_single_image image=&#8221;6708&#8243; img_size=&#8221;full&#8221; alignment=&#8221;center&#8221; onclick=&#8221;custom_link&#8221; link=&#8221;#formacio&#8221;][vc_column_text]<\/p>\n<p style=\"text-align: center;\"><a href=\"#formacio\">FORMACI\u00d3 I ASSESSORAMENT<\/a><\/p>\n<p>[\/vc_column_text][vc_raw_html]JTNDZGl2JTIwaWQlM0QlMjJyZXMlMjIlM0UlM0MlMkZkaXYlM0U=[\/vc_raw_html][\/vc_column_inner][\/vc_row_inner][vc_separator el_class=&#8221;linea-serveis&#8221;][\/vc_column][\/vc_row][vc_row css=&#8221;.vc_custom_1627038481497{background-color: #ffffff !important;}&#8221; el_id=&#8221;presentacio&#8221;][vc_column][vc_empty_space height=&#8221;64&#8243;][vc_row_inner][vc_column_inner][vc_empty_space height=&#8221;10px&#8221;][vc_column_text]<\/p>\n<h2><span style=\"color: #75c6ba;\">Capivo, dedicats a la primera inf\u00e0ncia<\/span><\/h2>\n<p>[\/vc_column_text][vc_empty_space][vc_column_text]Durant el 2020 el funcionament i din\u00e0mica dels nostres serveis han estat condicionats notablement per la situaci\u00f3 de la pand\u00e8mia de la Covid 19. Ha estat un any complex i excepcional que ha suposat superar nous reptes i cercar alternatives per continuar oferint l\u2019atenci\u00f3 als nostres infants i les seves fam\u00edlies de la manera m\u00e9s \u00f2ptima possible. Tots aquests canvis han requerit una capacitat d\u2019adaptaci\u00f3 a noves modalitats assistencials. Ha estat necessari fer \u00fas de les tecnologies per tal d\u2019apropar-nos als infants, les seves fam\u00edlies i a altres professionals de l\u2019\u00e0rea comunit\u00e0ria.[\/vc_column_text][vc_empty_space][vc_column_text]Durant el confinament hem hagut d\u2019ampliar i crear nous recursos per tal de poder mantenir un canal comunicatiu obert fent \u00fas de v\u00eddeo trucades, xats a trav\u00e9s dels m\u00f2bils del CDIAP, trucades telef\u00f2niques i an\u00e0lisi de v\u00eddeos que ens facilitaven les fam\u00edlies (seguint el protocol de protecci\u00f3 dades personals i imatges). Hem elaborat documents informatius dirigits a les fam\u00edlies i \/o als professionals de l\u2019\u00e0mbit educatiu i sanitari per fer front el confinament i que s\u2019han publicat a la p\u00e0gina web de CAPIVO. Els professionals tamb\u00e9 hem mantingut les reunions d\u2019equip, sessions cl\u00edniques, reunions interdisciplin\u00e0ries i la formaci\u00f3 a partir de plataformes telem\u00e0tiques.<strong><br \/>\n<\/strong>[\/vc_column_text][vc_empty_space][vc_column_text]Un cop iniciada la desescalada de desconfinament hem reiniciat l\u2019atenci\u00f3 presencial de manera progressiva seguint la normativa dictada pel Departament i les autoritats sanit\u00e0ries, per tal d\u2019oferir una atenci\u00f3 segura als infants, fam\u00edlies i professionals elaborant un pla de conting\u00e8ncia que s\u2019ha anat adaptant a la situaci\u00f3 de cada moment.<br \/>\nA inicis del 2020 el CDIAP de Granollers havia d\u2019estrenar un nou local que oferia un espai m\u00e9s ampli i c\u00f2mode per portar a terme l\u2019atenci\u00f3 pr\u00f2pia del nostre servei. La il\u00b7lusi\u00f3 d\u2019aquest canvi es va veure estroncada pel confinament. L\u2019activitat en aquest nou local es va haver de posposar fins a l\u2019estiu.<\/p>\n<p>&nbsp;<\/p>\n<p><strong>Malgrat les circumst\u00e0ncies adverses durant el 2020 a CAPIVO hem at\u00e8s a 1304 infants.<br \/>\n<\/strong>[\/vc_column_text][vc_empty_space height=&#8221;50px&#8221;][\/vc_column_inner][\/vc_row_inner][\/vc_column][\/vc_row][vc_row css=&#8221;.vc_custom_1627038597266{background-color: #fafafa !important;}&#8221; el_id=&#8221;organigrama&#8221;][vc_column][vc_empty_space height=&#8221;64&#8243;][vc_row_inner][vc_column_inner][vc_empty_space height=&#8221;10px&#8221;][vc_column_text]<\/p>\n<h2><span style=\"color: #d26e42;\">Organigrama<\/span><\/h2>\n<p>[\/vc_column_text][vc_empty_space height=&#8221;16&#8243;][\/vc_column_inner][\/vc_row_inner][\/vc_column][\/vc_row][vc_row content_full_width=&#8221;1&#8243; css=&#8221;.vc_custom_1627308871565{margin-top: -12px !important;margin-bottom: -35px !important;background-color: #fafafa !important;}&#8221; el_class=&#8221;bajar&#8221;][vc_column][vc_empty_space height=&#8221;16&#8243;][vc_images_carousel images=&#8221;6799&#8243; img_size=&#8221;full&#8221; onclick=&#8221;link_no&#8221; speed=&#8221;&#8221; autoplay=&#8221;yes&#8221; hide_pagination_control=&#8221;yes&#8221; hide_prev_next_buttons=&#8221;yes&#8221; wrap=&#8221;yes&#8221; css_animation=&#8221;zoomIn&#8221;][vc_empty_space height=&#8221;32&#8243;][\/vc_column][\/vc_row][vc_row css=&#8221;.vc_custom_1627038679803{background-color: #ffffff !important;}&#8221; el_id=&#8221;activitat&#8221;][vc_column][vc_empty_space height=&#8221;64&#8243;][vc_row_inner][vc_column_inner][vc_empty_space height=&#8221;10px&#8221;][vc_column_text]<\/p>\n<h2><span style=\"color: #a2c735;\">Activitat CDIAP Granollers<br \/>\n<\/span><\/h2>\n<p>[\/vc_column_text][vc_empty_space][\/vc_column_inner][\/vc_row_inner][vc_row_inner][vc_column_inner width=&#8221;1\/2&#8243;][vc_empty_space][borderless_wpbakery_counter value=&#8221;26&#8243; value_speed=&#8221;100&#8243; title_color=&#8221;#7c7c7c&#8221; counter_color=&#8221;#75c6ba&#8221; title_size=&#8221;100&#8243; el_class=&#8221;subircounter&#8221; css=&#8221;.vc_custom_1627315289820{margin-bottom: -20px !important;}&#8221;][vc_column_text]<\/p>\n<h2 style=\"font-size: 29px; text-align: left;\">Professionals<\/h2>\n<p>[\/vc_column_text][vc_empty_space][\/vc_column_inner][vc_column_inner width=&#8221;1\/2&#8243;][vc_empty_space][borderless_wpbakery_counter value=&#8221;969&#8243; value_speed=&#8221;100&#8243; title_color=&#8221;#7c7c7c&#8221; counter_color=&#8221;#75c6ba&#8221; title_size=&#8221;100&#8243; css=&#8221;.vc_custom_1627315363916{margin-bottom: -20px !important;}&#8221;][vc_column_text]<\/p>\n<h2 style=\"font-size: 29px; text-align: left;\">Pacients atesos durant el 2020<\/h2>\n<p>[\/vc_column_text][vc_empty_space][\/vc_column_inner][\/vc_row_inner][vc_row_inner][vc_column_inner width=&#8221;1\/2&#8243;][vc_empty_space][vc_column_text]<\/p>\n<h2 style=\"font-size: 29px; text-align: left;\">Gr\u00e0fica evoluci\u00f3 infants atesos per any<\/h2>\n<p>[\/vc_column_text][vc_line_chart style=&#8221;custom&#8221; legend=&#8221;&#8221; x_values=&#8221;2010; 2011; 2012; 2013; 2014; 2015; 2016; 2017; 2018; 2019; 2020&#8243; values=&#8221;%5B%7B%22title%22%3A%22Pacients%20atesos%202020%22%2C%22y_values%22%3A%22802%3B%20899%3B%20787%3B%20885%3B%20887%3B%20959%3B%20909%3B%20935%3B%20991%3B%201053%3B%20969%22%2C%22color%22%3A%22turquoise%22%2C%22custom_color%22%3A%22%23eb54b1%22%7D%5D&#8221; css_animation=&#8221;none&#8221;][vc_empty_space][\/vc_column_inner][vc_column_inner width=&#8221;1\/2&#8243;][vc_empty_space height=&#8221;200&#8243;][\/vc_column_inner][\/vc_row_inner][vc_row_inner][vc_column_inner width=&#8221;1\/2&#8243;][vc_empty_space][vc_column_text]<\/p>\n<h2 style=\"font-size: 29px; text-align: left;\">Gr\u00e0fica primeres visites per edat i sexe<\/h2>\n<p>[\/vc_column_text][vc_line_chart style=&#8221;custom&#8221; x_values=&#8221;0-12 mesos; 1-2 anys; 2-3 anys; 3-4 anys; 4-5 anys;&#8221; values=&#8221;%5B%7B%22title%22%3A%22Nens%22%2C%22y_values%22%3A%22186%3B%20118%3B%20186%3B%20115%3B%209%22%2C%22color%22%3A%22turquoise%22%2C%22custom_color%22%3A%22%23ec6e3e%22%7D%2C%7B%22title%22%3A%22Nenes%22%2C%22y_values%22%3A%22165%3B%2057%3B%2072%3B%2055%3B%206%22%2C%22color%22%3A%22turquoise%22%2C%22custom_color%22%3A%22%233bc7bc%22%7D%5D&#8221; css_animation=&#8221;none&#8221;][vc_empty_space][\/vc_column_inner][vc_column_inner width=&#8221;1\/2&#8243;][\/vc_column_inner][\/vc_row_inner][vc_row_inner][vc_column_inner width=&#8221;1\/2&#8243;][vc_column_text]<\/p>\n<h2 style=\"font-size: 29px; text-align: left;\">Gr\u00e0fica motiu de la consulta<\/h2>\n<p>[\/vc_column_text][vc_progress_bar values=&#8221;%5B%7B%22label%22%3A%22Alimentaci%C3%B3%20(3)%22%2C%22value%22%3A%223%22%2C%22color%22%3A%22custom%22%2C%22customcolor%22%3A%22%23a2c735%22%7D%2C%7B%22label%22%3A%22Aspectes%20de%20crian%C3%A7a%20(6)%22%2C%22value%22%3A%226%22%2C%22color%22%3A%22custom%22%2C%22customcolor%22%3A%22%23a2c735%22%7D%2C%7B%22label%22%3A%22Atenci%C3%B3%20%2F%20Conducta%20(42)%22%2C%22value%22%3A%2242%22%2C%22color%22%3A%22custom%22%2C%22customcolor%22%3A%22%23a2c735%22%7D%2C%7B%22label%22%3A%22Comunicaci%C3%B3%20%2F%20Relaci%C3%B3%20(61)%22%2C%22value%22%3A%2261%22%2C%22color%22%3A%22custom%22%2C%22customcolor%22%3A%22%23a2c735%22%7D%2C%7B%22label%22%3A%22Desenvolupament%20emocional%20(7)%22%2C%22value%22%3A%227%22%2C%22color%22%3A%22custom%22%2C%22customcolor%22%3A%22%23a2c735%22%7D%2C%7B%22label%22%3A%22Desenvolupament%20cognitiu%20(0)%22%2C%22value%22%3A%220%22%2C%22color%22%3A%22custom%22%2C%22customcolor%22%3A%22%23a2c735%22%7D%2C%7B%22label%22%3A%22Desenvolupament%20motriu%20(68)%22%2C%22value%22%3A%2268%22%2C%22color%22%3A%22custom%22%2C%22customcolor%22%3A%22%23a2c735%22%7D%2C%7B%22label%22%3A%22Desenvolupament%20sensorial%20(2)%22%2C%22value%22%3A%222%22%2C%22color%22%3A%22custom%22%2C%22customcolor%22%3A%22%23a2c735%22%7D%2C%7B%22label%22%3A%22Llenguatge%20%2F%20Parla%20(112)%22%2C%22value%22%3A%22112%22%2C%22color%22%3A%22custom%22%2C%22customcolor%22%3A%22%23a2c735%22%7D%2C%7B%22label%22%3A%22Retard%20desenvolupament%20(12)%22%2C%22value%22%3A%2212%22%2C%22color%22%3A%22custom%22%2C%22customcolor%22%3A%22%23a2c735%22%7D%2C%7B%22label%22%3A%22Risc%20biol%C3%B2gic%20(97)%22%2C%22value%22%3A%2297%22%2C%22color%22%3A%22custom%22%2C%22customcolor%22%3A%22%23a2c735%22%7D%2C%7B%22label%22%3A%22Risc%20social%20(2)%22%2C%22value%22%3A%222%22%2C%22color%22%3A%22custom%22%2C%22customcolor%22%3A%22%23a2c735%22%7D%2C%7B%22label%22%3A%22Son%20(7)%22%2C%22value%22%3A%227%22%2C%22color%22%3A%22custom%22%2C%22customcolor%22%3A%22%23a2c735%22%7D%2C%7B%22label%22%3A%22Altres%20(7)%22%2C%22value%22%3A%227%22%2C%22color%22%3A%22custom%22%2C%22customcolor%22%3A%22%23a2c735%22%7D%5D&#8221;][vc_empty_space][\/vc_column_inner][vc_column_inner width=&#8221;1\/2&#8243;][\/vc_column_inner][\/vc_row_inner][vc_row_inner][vc_column_inner][vc_empty_space][vc_column_text]<\/p>\n<h2 style=\"font-size: 29px; text-align: left;\">Gr\u00e0fica motius de consulta per edat<\/h2>\n<p>[\/vc_column_text][vc_line_chart style=&#8221;custom&#8221; x_values=&#8221;Desenvolupament motriu; Desenvolupament sensorial; Desenvolupament cognitiu; Comunicaci\u00f3 i relaci\u00f3; Atenci\u00f3 \/ Conducta; Retard desenvolupament global; Llenguatge \/ Parla; Desenvolupament emocional; Son; Alimentaci\u00f3; Risc biol\u00f2gic; Risc social; Aspectes de crian\u00e7a; Altres&#8221; values=&#8221;%5B%7B%22title%22%3A%220-12%20mesos%22%2C%22y_values%22%3A%22116%3B%200%3B%200%3B%203%3B%203%3B%202%3B%200%3B%202%3B%205%3B%200%3B%20205%3B%200%3B%203%3B%2012%22%2C%22color%22%3A%22turquoise%22%2C%22custom_color%22%3A%22%23d26e42%22%7D%2C%7B%22title%22%3A%221-2%20anys%22%2C%22y_values%22%3A%2230%3B%200%3B%201%3B%2053%3B%205%3B%2013%3B%2041%3B%204%3B%204%3B%203%3B%2011%3B%203%3B%203%3B%204%22%2C%22color%22%3A%22turquoise%22%2C%22custom_color%22%3A%22%2343bab5%22%7D%2C%7B%22title%22%3A%222-3%20anys%22%2C%22y_values%22%3A%2213%3B%202%3B%200%3B%2041%3B%2036%3B%208%3B%20124%3B%2013%3B%201%3B%202%3B%2011%3B%202%3B%204%3B%201%22%2C%22color%22%3A%22turquoise%22%2C%22custom_color%22%3A%22%23eb54b1%22%7D%2C%7B%22title%22%3A%223-4%20anys%22%2C%22y_values%22%3A%228%3B%201%3B%202%3B%2020%3B%2030%3B%205%3B%2075%3B%2012%3B%201%3B%203%3B%203%3B%201%3B%202%3B%209%22%2C%22color%22%3A%22turquoise%22%2C%22custom_color%22%3A%22%2397c62c%22%7D%2C%7B%22title%22%3A%224-5%20anys%22%2C%22y_values%22%3A%221%3B%200%3B%200%3B%201%3B%203%3B%201%3B%207%3B%200%3B%200%3B%200%3B%201%3B%200%3B%200%3B%201%22%2C%22color%22%3A%22turquoise%22%2C%22custom_color%22%3A%22%236a42fb%22%7D%5D&#8221; css_animation=&#8221;none&#8221;][vc_empty_space][\/vc_column_inner][\/vc_row_inner][vc_row_inner][vc_column_inner width=&#8221;1\/2&#8243;][vc_column_text]<\/p>\n<h2 style=\"font-size: 29px; text-align: left;\">Gr\u00e0fica diagn\u00f2stic infants atesos<\/h2>\n<p>[\/vc_column_text][vc_progress_bar values=&#8221;%5B%7B%22label%22%3A%22Transtorns%20desenvolupament%20motor%20(160)%22%2C%22value%22%3A%22160%22%2C%22color%22%3A%22custom%22%2C%22customcolor%22%3A%22%23e287e5%22%7D%2C%7B%22label%22%3A%22Transtorns%20visuals%20(0)%22%2C%22value%22%3A%220%22%2C%22color%22%3A%22custom%22%2C%22customcolor%22%3A%22%23e287e5%22%7D%2C%7B%22label%22%3A%22Transtorns%20auditius%20(0)%22%2C%22value%22%3A%220%22%2C%22color%22%3A%22custom%22%2C%22customcolor%22%3A%22%23e287e5%22%7D%2C%7B%22label%22%3A%22Transtorns%20psicomotors%20(41)%22%2C%22value%22%3A%2241%22%2C%22color%22%3A%22custom%22%2C%22customcolor%22%3A%22%23e287e5%22%7D%2C%7B%22label%22%3A%22Transtorns%20desenvolupament%20cognitius%20(8)%22%2C%22value%22%3A%228%22%2C%22color%22%3A%22custom%22%2C%22customcolor%22%3A%22%23e287e5%22%7D%2C%7B%22label%22%3A%22Transtorns%20desenvolupament%20del%20llenguatge%20%20(126)%22%2C%22value%22%3A%22126%22%2C%22color%22%3A%22custom%22%2C%22customcolor%22%3A%22%23e287e5%22%7D%2C%7B%22label%22%3A%22Transtorns%20expressi%C3%B3%20som%C3%A0tica%20(15)%22%2C%22value%22%3A%2215%22%2C%22color%22%3A%22custom%22%2C%22customcolor%22%3A%22%23e287e5%22%7D%2C%7B%22label%22%3A%22Transtorns%20afectiu-emocional%20(50)%22%2C%22value%22%3A%2250%22%2C%22color%22%3A%22custom%22%2C%22customcolor%22%3A%22%23e287e5%22%7D%2C%7B%22label%22%3A%22Transtorns%20de%20la%20regulaci%C3%B3%20i%20del%20comportament%20(55)%22%2C%22value%22%3A%2255%22%2C%22color%22%3A%22custom%22%2C%22customcolor%22%3A%22%23e287e5%22%7D%2C%7B%22label%22%3A%22Transtorns%20de%20la%20relaci%C3%B3%20i%20la%20comunicaci%C3%B3%20(136)%22%2C%22value%22%3A%22136%22%2C%22color%22%3A%22custom%22%2C%22customcolor%22%3A%22%23e287e5%22%7D%2C%7B%22label%22%3A%22Altres%20transtorns%20(101)%22%2C%22value%22%3A%22101%22%2C%22color%22%3A%22custom%22%2C%22customcolor%22%3A%22%23e287e5%22%7D%2C%7B%22label%22%3A%22Variant%20de%20la%20normalitat%20(57)%22%2C%22value%22%3A%2257%22%2C%22color%22%3A%22custom%22%2C%22customcolor%22%3A%22%23e287e5%22%7D%2C%7B%22label%22%3A%22Altes%20capacitats%20(0)%22%2C%22value%22%3A%220%22%2C%22color%22%3A%22custom%22%2C%22customcolor%22%3A%22%23e287e5%22%7D%2C%7B%22label%22%3A%22Factors%20de%20la%20fam%C3%ADlia%20%2F%20entorn%20(149)%22%2C%22value%22%3A%22149%22%2C%22color%22%3A%22custom%22%2C%22customcolor%22%3A%22%23e287e5%22%7D%2C%7B%22label%22%3A%22En%20proc%C3%A9s%20de%20diagn%C3%B2stic%20(71)%22%2C%22value%22%3A%2271%22%2C%22color%22%3A%22custom%22%2C%22customcolor%22%3A%22%23e287e5%22%7D%5D&#8221; bgcolor=&#8221;custom&#8221;][vc_empty_space][\/vc_column_inner][vc_column_inner width=&#8221;1\/2&#8243;][\/vc_column_inner][\/vc_row_inner][vc_row_inner][vc_column_inner width=&#8221;3\/4&#8243;][vc_column_text]<\/p>\n<h2 style=\"font-size: 29px; text-align: left;\">Gr\u00e0fica infants atesos per poblaci\u00f3<\/h2>\n<p>[\/vc_column_text][vc_round_chart style=&#8221;custom&#8221; stroke_width=&#8221;0&#8243; values=&#8221;%5B%7B%22title%22%3A%22Aiguafreda%20(5)%22%2C%22value%22%3A%225%22%2C%22color%22%3A%22blue%22%2C%22custom_color%22%3A%22%23eded00%22%7D%2C%7B%22title%22%3A%22Canovelles%20(103)%22%2C%22value%22%3A%22103%22%2C%22color%22%3A%22pink%22%2C%22custom_color%22%3A%22%2397c62c%22%7D%2C%7B%22title%22%3A%22C%C3%A0noves%20i%20Samal%C3%BAs%20(15)%22%2C%22value%22%3A%2215%22%2C%22color%22%3A%22pink%22%2C%22custom_color%22%3A%22%2331898c%22%7D%2C%7B%22title%22%3A%22Cardedeu%20(89)%22%2C%22value%22%3A%2289%22%2C%22color%22%3A%22pink%22%2C%22custom_color%22%3A%22%23ec6e3e%22%7D%2C%7B%22title%22%3A%22Figar%C3%B3-Montmany%20(3)%22%2C%22value%22%3A%223%22%2C%22color%22%3A%22pink%22%2C%22custom_color%22%3A%22%23000000%22%7D%2C%7B%22title%22%3A%22Granollers%20(358)%22%2C%22value%22%3A%22358%22%2C%22color%22%3A%22pink%22%2C%22custom_color%22%3A%22%233bc7bc%22%7D%2C%7B%22title%22%3A%22La%20Garriga%20(47)%22%2C%22value%22%3A%2247%22%2C%22color%22%3A%22pink%22%2C%22custom_color%22%3A%22%231e008c%22%7D%2C%7B%22title%22%3A%22La%20Roca%20del%20vall%C3%A8s%20(45)%22%2C%22value%22%3A%2245%22%2C%22color%22%3A%22pink%22%2C%22custom_color%22%3A%22%23f900e9%22%7D%2C%7B%22title%22%3A%22L&#8217;Ametlla%20del%20vall%C3%A8s%20(27)%22%2C%22value%22%3A%2227%22%2C%22color%22%3A%22pink%22%2C%22custom_color%22%3A%22%23f4d800%22%7D%2C%7B%22title%22%3A%22Les%20Franqueses%20del%20vall%C3%A8s%20(122)%22%2C%22value%22%3A%22122%22%2C%22color%22%3A%22pink%22%2C%22custom_color%22%3A%22%23eb54be%22%7D%2C%7B%22title%22%3A%22Montmel%C3%B3%20(34)%22%2C%22value%22%3A%2234%22%2C%22color%22%3A%22pink%22%2C%22custom_color%22%3A%22%233e96f9%22%7D%2C%7B%22title%22%3A%22Montorn%C3%A8s%20del%20vall%C3%A8s%20(81)%22%2C%22value%22%3A%2281%22%2C%22color%22%3A%22pink%22%2C%22custom_color%22%3A%22%23c40176%22%7D%2C%7B%22title%22%3A%22Tagamanent%20(2)%22%2C%22value%22%3A%222%22%2C%22color%22%3A%22pink%22%2C%22custom_color%22%3A%22%2300c4b7%22%7D%2C%7B%22title%22%3A%22Vallromanes%20(2)%22%2C%22value%22%3A%222%22%2C%22color%22%3A%22pink%22%2C%22custom_color%22%3A%22%23203956%22%7D%2C%7B%22title%22%3A%22Vilanova%20del%20vall%C3%A8s%20(24)%22%2C%22value%22%3A%2224%22%2C%22color%22%3A%22pink%22%2C%22custom_color%22%3A%22%2300e81b%22%7D%2C%7B%22title%22%3A%22Altres%20poblacions%20(12)%22%2C%22value%22%3A%2212%22%2C%22color%22%3A%22pink%22%2C%22custom_color%22%3A%22%23ffa3a3%22%7D%5D&#8221;][vc_empty_space][\/vc_column_inner][vc_column_inner width=&#8221;1\/4&#8243;][\/vc_column_inner][\/vc_row_inner][\/vc_column][\/vc_row][vc_row css=&#8221;.vc_custom_1627038679803{background-color: #ffffff !important;}&#8221;][vc_column][vc_empty_space height=&#8221;64&#8243;][vc_row_inner][vc_column_inner][vc_empty_space height=&#8221;10px&#8221;][vc_column_text]<\/p>\n<h2><span style=\"color: #a2c735;\">Activitat CDIAP Caldes<br \/>\n<\/span><\/h2>\n<p>[\/vc_column_text][vc_empty_space][\/vc_column_inner][\/vc_row_inner][vc_row_inner][vc_column_inner width=&#8221;1\/2&#8243;][vc_empty_space][borderless_wpbakery_counter value=&#8221;10&#8243; value_speed=&#8221;100&#8243; title_color=&#8221;#7c7c7c&#8221; counter_color=&#8221;#75c6ba&#8221; title_size=&#8221;100&#8243; el_class=&#8221;subircounter&#8221; css=&#8221;.vc_custom_1627372065645{margin-bottom: -20px !important;}&#8221;][vc_column_text]<\/p>\n<h2 style=\"font-size: 29px; text-align: left;\">Professionals<\/h2>\n<p>[\/vc_column_text][vc_empty_space][\/vc_column_inner][vc_column_inner width=&#8221;1\/2&#8243;][vc_empty_space][borderless_wpbakery_counter value=&#8221;334&#8243; value_speed=&#8221;100&#8243; title_color=&#8221;#7c7c7c&#8221; counter_color=&#8221;#75c6ba&#8221; title_size=&#8221;100&#8243; css=&#8221;.vc_custom_1627372072884{margin-bottom: -20px !important;}&#8221;][vc_column_text]<\/p>\n<h2 style=\"font-size: 29px; text-align: left;\">Pacients atesos durant el 2020<\/h2>\n<p>[\/vc_column_text][vc_empty_space][\/vc_column_inner][\/vc_row_inner][vc_row_inner][vc_column_inner width=&#8221;1\/2&#8243;][vc_empty_space][vc_column_text]<\/p>\n<h2 style=\"font-size: 29px; text-align: left;\">Gr\u00e0fica evoluci\u00f3 infants atesos per any<\/h2>\n<p>[\/vc_column_text][vc_line_chart style=&#8221;custom&#8221; legend=&#8221;&#8221; x_values=&#8221;2010; 2011; 2012; 2013; 2014; 2015; 2016; 2017; 2018; 2019; 2020&#8243; values=&#8221;%5B%7B%22title%22%3A%22Pacients%20atesos%202020%22%2C%22y_values%22%3A%22236%3B%20285%3B%20316%3B%20322%3B%20315%3B%20343%3B%20370%3B%20383%3B%20404%3B%20358%3B%20334%22%2C%22color%22%3A%22turquoise%22%2C%22custom_color%22%3A%22%23eb54b1%22%7D%5D&#8221; css_animation=&#8221;none&#8221;][vc_empty_space][\/vc_column_inner][vc_column_inner width=&#8221;1\/2&#8243;][\/vc_column_inner][\/vc_row_inner][vc_row_inner][vc_column_inner width=&#8221;1\/2&#8243;][vc_empty_space][vc_column_text]<\/p>\n<h2 style=\"font-size: 29px; text-align: left;\">Gr\u00e0fica primeres visites per edat i sexe<\/h2>\n<p>[\/vc_column_text][vc_line_chart style=&#8221;custom&#8221; x_values=&#8221;0-12 mesos; 1-2 anys; 2-3 anys; 3-4 anys; 4-5 anys;&#8221; values=&#8221;%5B%7B%22title%22%3A%22Nens%22%2C%22y_values%22%3A%2224%3B%2016%3B%2021%3B%2025%3B%205%22%2C%22color%22%3A%22turquoise%22%2C%22custom_color%22%3A%22%23ec6e3e%22%7D%2C%7B%22title%22%3A%22Nenes%22%2C%22y_values%22%3A%2227%3B%209%3B%2015%3B%2011%3B%204%22%2C%22color%22%3A%22turquoise%22%2C%22custom_color%22%3A%22%233bc7bc%22%7D%5D&#8221; css_animation=&#8221;none&#8221;][vc_empty_space][\/vc_column_inner][vc_column_inner width=&#8221;1\/2&#8243;][\/vc_column_inner][\/vc_row_inner][vc_row_inner][vc_column_inner width=&#8221;1\/2&#8243;][vc_column_text]<\/p>\n<h2 style=\"font-size: 29px; text-align: left;\">Gr\u00e0fica motiu de la consulta<\/h2>\n<p>[\/vc_column_text][vc_progress_bar values=&#8221;%5B%7B%22label%22%3A%22Alimentaci%C3%B3%20(0)%22%2C%22value%22%3A%220%22%2C%22color%22%3A%22custom%22%2C%22customcolor%22%3A%22%23a2c735%22%7D%2C%7B%22label%22%3A%22Aspectes%20de%20crian%C3%A7a%20(1)%22%2C%22value%22%3A%221%22%2C%22color%22%3A%22custom%22%2C%22customcolor%22%3A%22%23a2c735%22%7D%2C%7B%22label%22%3A%22Atenci%C3%B3%20%2F%20Conducta%20(12)%22%2C%22value%22%3A%2212%22%2C%22color%22%3A%22custom%22%2C%22customcolor%22%3A%22%23a2c735%22%7D%2C%7B%22label%22%3A%22Comunicaci%C3%B3%20%2F%20Relaci%C3%B3%20(11)%22%2C%22value%22%3A%2211%22%2C%22color%22%3A%22custom%22%2C%22customcolor%22%3A%22%23a2c735%22%7D%2C%7B%22label%22%3A%22Desenvolupament%20emocional%20(6)%22%2C%22value%22%3A%226%22%2C%22color%22%3A%22custom%22%2C%22customcolor%22%3A%22%23a2c735%22%7D%2C%7B%22label%22%3A%22Desenvolupament%20cognitiu%20(0)%22%2C%22value%22%3A%220%22%2C%22color%22%3A%22custom%22%2C%22customcolor%22%3A%22%23a2c735%22%7D%2C%7B%22label%22%3A%22Desenvolupament%20motriu%20(26)%22%2C%22value%22%3A%2226%22%2C%22color%22%3A%22custom%22%2C%22customcolor%22%3A%22%23a2c735%22%7D%2C%7B%22label%22%3A%22Desenvolupament%20sensorial%20(0)%22%2C%22value%22%3A%220%22%2C%22color%22%3A%22custom%22%2C%22customcolor%22%3A%22%23a2c735%22%7D%2C%7B%22label%22%3A%22Llenguatge%20%2F%20Parla%20(59)%22%2C%22value%22%3A%2259%22%2C%22color%22%3A%22custom%22%2C%22customcolor%22%3A%22%23a2c735%22%7D%2C%7B%22label%22%3A%22Retard%20desenvolupament%20(1)%22%2C%22value%22%3A%221%22%2C%22color%22%3A%22custom%22%2C%22customcolor%22%3A%22%23a2c735%22%7D%2C%7B%22label%22%3A%22Risc%20biol%C3%B2gic%20(34)%22%2C%22value%22%3A%2234%22%2C%22color%22%3A%22custom%22%2C%22customcolor%22%3A%22%23a2c735%22%7D%2C%7B%22label%22%3A%22Risc%20social%20(0)%22%2C%22value%22%3A%220%22%2C%22color%22%3A%22custom%22%2C%22customcolor%22%3A%22%23a2c735%22%7D%2C%7B%22label%22%3A%22Son%20(4)%22%2C%22value%22%3A%224%22%2C%22color%22%3A%22custom%22%2C%22customcolor%22%3A%22%23a2c735%22%7D%2C%7B%22label%22%3A%22Altres%20(3)%22%2C%22value%22%3A%223%22%2C%22color%22%3A%22custom%22%2C%22customcolor%22%3A%22%23a2c735%22%7D%5D&#8221;][vc_empty_space][\/vc_column_inner][vc_column_inner width=&#8221;1\/2&#8243;][\/vc_column_inner][\/vc_row_inner][vc_row_inner][vc_column_inner][vc_empty_space][vc_column_text]<\/p>\n<h2 style=\"font-size: 29px; text-align: left;\">Gr\u00e0fica motius de consulta per edat<\/h2>\n<p>[\/vc_column_text][vc_line_chart style=&#8221;custom&#8221; x_values=&#8221;Desenvolupament motriu; Desenvolupament sensorial; Desenvolupament cognitiu; Comunicaci\u00f3 i relaci\u00f3; Atenci\u00f3 \/ Conducta; Retard desenvolupament global; Llenguatge \/ Parla; Desenvolupament emocional; Son; Alimentaci\u00f3; Risc biol\u00f2gic; Risc social; Aspectes de crian\u00e7a; Altres&#8221; values=&#8221;%5B%7B%22title%22%3A%220-12%20mesos%22%2C%22y_values%22%3A%2230%3B%201%3B%200%3B%202%3B%201%3B%201%3B%201%3B%200%3B%202%3B%200%3B%2076%3B%201%3B%200%3B%202%22%2C%22color%22%3A%22turquoise%22%2C%22custom_color%22%3A%22%23d26e42%22%7D%2C%7B%22title%22%3A%221-2%20anys%22%2C%22y_values%22%3A%2216%3B%200%3B%200%3B%207%3B%207%3B%201%3B%2016%3B%202%3B%206%3B%200%3B%2012%3B%201%3B%200%3B%200%22%2C%22color%22%3A%22turquoise%22%2C%22custom_color%22%3A%22%2343bab5%22%7D%2C%7B%22title%22%3A%222-3%20anys%22%2C%22y_values%22%3A%223%3B%200%3B%200%3B%206%3B%204%3B%202%3B%2045%3B%208%3B%203%3B%204%3B%201%3B%200%3B%200%3B%200%22%2C%22color%22%3A%22turquoise%22%2C%22custom_color%22%3A%22%23eb54b1%22%7D%2C%7B%22title%22%3A%223-4%20anys%22%2C%22y_values%22%3A%221%3B%200%3B%200%3B%206%3B%2012%3B%203%3B%2032%3B%207%3B%200%3B%200%3B%202%3B%200%3B%200%3B%201%22%2C%22color%22%3A%22turquoise%22%2C%22custom_color%22%3A%22%2397c62c%22%7D%2C%7B%22title%22%3A%224-5%20anys%22%2C%22y_values%22%3A%220%3B%200%3B%200%3B%201%3B%203%3B%200%3B%201%3B%201%3B%201%3B%200%3B%200%3B%200%3B%200%3B%202%22%2C%22color%22%3A%22turquoise%22%2C%22custom_color%22%3A%22%236a42fb%22%7D%5D&#8221; css_animation=&#8221;none&#8221;][vc_empty_space][\/vc_column_inner][\/vc_row_inner][vc_row_inner][vc_column_inner width=&#8221;1\/2&#8243;][vc_column_text]<\/p>\n<h2 style=\"font-size: 29px; text-align: left;\">Gr\u00e0fica diagn\u00f2stic infants atesos<\/h2>\n<p>[\/vc_column_text][vc_progress_bar values=&#8221;%5B%7B%22label%22%3A%22Transtorns%20desenvolupament%20motor%20(46)%22%2C%22value%22%3A%2246%22%2C%22color%22%3A%22custom%22%2C%22customcolor%22%3A%22%23e287e5%22%7D%2C%7B%22label%22%3A%22Transtorns%20visuals%20(0)%22%2C%22value%22%3A%220%22%2C%22color%22%3A%22custom%22%2C%22customcolor%22%3A%22%23e287e5%22%7D%2C%7B%22label%22%3A%22Transtorns%20auditius%20(1)%22%2C%22value%22%3A%221%22%2C%22color%22%3A%22custom%22%2C%22customcolor%22%3A%22%23e287e5%22%7D%2C%7B%22label%22%3A%22Transtorns%20psicomotors%20(8)%22%2C%22value%22%3A%228%22%2C%22color%22%3A%22custom%22%2C%22customcolor%22%3A%22%23e287e5%22%7D%2C%7B%22label%22%3A%22Transtorns%20desenvolupament%20cognitius%20(0)%22%2C%22value%22%3A%220%22%2C%22color%22%3A%22custom%22%2C%22customcolor%22%3A%22%23e287e5%22%7D%2C%7B%22label%22%3A%22Transtorns%20desenvolupament%20del%20llenguatge%20(37)%22%2C%22value%22%3A%2237%22%2C%22color%22%3A%22custom%22%2C%22customcolor%22%3A%22%23e287e5%22%7D%2C%7B%22label%22%3A%22Transtorns%20expressi%C3%B3%20som%C3%A0tica%20(10)%22%2C%22value%22%3A%2210%22%2C%22color%22%3A%22custom%22%2C%22customcolor%22%3A%22%23e287e5%22%7D%2C%7B%22label%22%3A%22Transtorns%20afectiu-emocional%20(36)%22%2C%22value%22%3A%2236%22%2C%22color%22%3A%22custom%22%2C%22customcolor%22%3A%22%23e287e5%22%7D%2C%7B%22label%22%3A%22Transtorns%20de%20la%20regulaci%C3%B3%20i%20del%20comportament%20(3)%22%2C%22value%22%3A%223%22%2C%22color%22%3A%22custom%22%2C%22customcolor%22%3A%22%23e287e5%22%7D%2C%7B%22label%22%3A%22Transtorns%20de%20la%20relaci%C3%B3%20i%20la%20comunicaci%C3%B3%20(36)%22%2C%22value%22%3A%2236%22%2C%22color%22%3A%22custom%22%2C%22customcolor%22%3A%22%23e287e5%22%7D%2C%7B%22label%22%3A%22Altres%20transtorns%20(14)%22%2C%22value%22%3A%2214%22%2C%22color%22%3A%22custom%22%2C%22customcolor%22%3A%22%23e287e5%22%7D%2C%7B%22label%22%3A%22Variant%20de%20la%20normalitat%20(17)%22%2C%22value%22%3A%2217%22%2C%22color%22%3A%22custom%22%2C%22customcolor%22%3A%22%23e287e5%22%7D%2C%7B%22label%22%3A%22Altes%20capacitats%20(0)%22%2C%22value%22%3A%220%22%2C%22color%22%3A%22custom%22%2C%22customcolor%22%3A%22%23e287e5%22%7D%2C%7B%22label%22%3A%22Factors%20de%20la%20fam%C3%ADlia%20%2F%20entorn%20(85)%22%2C%22value%22%3A%2285%22%2C%22color%22%3A%22custom%22%2C%22customcolor%22%3A%22%23e287e5%22%7D%2C%7B%22label%22%3A%22En%20proc%C3%A9s%20de%20diagn%C3%B2stic%20(41)%22%2C%22value%22%3A%2241%22%2C%22color%22%3A%22custom%22%2C%22customcolor%22%3A%22%23e287e5%22%7D%5D&#8221; bgcolor=&#8221;custom&#8221;][vc_empty_space][\/vc_column_inner][vc_column_inner width=&#8221;1\/2&#8243;][\/vc_column_inner][\/vc_row_inner][vc_row_inner][vc_column_inner width=&#8221;3\/4&#8243;][vc_column_text]<\/p>\n<h2 style=\"font-size: 29px; text-align: left;\">Gr\u00e0fica infants atesos per poblaci\u00f3<\/h2>\n<p>[\/vc_column_text][vc_round_chart style=&#8221;custom&#8221; stroke_width=&#8221;0&#8243; values=&#8221;%5B%7B%22title%22%3A%22Bigues%20i%20Riells%20(36)%22%2C%22value%22%3A%2236%22%2C%22color%22%3A%22blue%22%2C%22custom_color%22%3A%22%23eded00%22%7D%2C%7B%22title%22%3A%22Caldes%20de%20Montbui%20(108)%22%2C%22value%22%3A%22108%22%2C%22color%22%3A%22pink%22%2C%22custom_color%22%3A%22%233bc7bc%22%7D%2C%7B%22title%22%3A%22Castellcir%20(0)%22%2C%22value%22%3A%220%22%2C%22color%22%3A%22pink%22%2C%22custom_color%22%3A%22%23000000%22%7D%2C%7B%22title%22%3A%22Castellter%C3%A7ol%20(3)%22%2C%22value%22%3A%223%22%2C%22color%22%3A%22pink%22%2C%22custom_color%22%3A%22%23ec6e3e%22%7D%2C%7B%22title%22%3A%22Granera%20(0)%22%2C%22value%22%3A%220%22%2C%22color%22%3A%22pink%22%2C%22custom_color%22%3A%22%230cf900%22%7D%2C%7B%22title%22%3A%22Lli%C3%A7%C3%A0%20d&#8217;Amunt%20(60)%22%2C%22value%22%3A%2260%22%2C%22color%22%3A%22pink%22%2C%22custom_color%22%3A%22%238224e3%22%7D%2C%7B%22title%22%3A%22Lli%C3%A7%C3%A0%20de%20Vall%20(29)%22%2C%22value%22%3A%2229%22%2C%22color%22%3A%22pink%22%2C%22custom_color%22%3A%22%2397c62c%22%7D%2C%7B%22title%22%3A%22Sant%20Feliu%20de%20Codines%20(44)%22%2C%22value%22%3A%2244%22%2C%22color%22%3A%22pink%22%2C%22custom_color%22%3A%22%23cd55ad%22%7D%2C%7B%22title%22%3A%22Sant%20Quirze%20de%20Safaja%20(2)%22%2C%22value%22%3A%222%22%2C%22color%22%3A%22pink%22%2C%22custom_color%22%3A%22%23078c00%22%7D%2C%7B%22title%22%3A%22Santa%20Eul%C3%A0lia%20de%20Ron%C3%A7ana%20(49)%22%2C%22value%22%3A%2249%22%2C%22color%22%3A%22pink%22%2C%22custom_color%22%3A%22%233cc7f4%22%7D%2C%7B%22title%22%3A%22Altres%20poblacions%20(3)%22%2C%22value%22%3A%223%22%2C%22color%22%3A%22pink%22%2C%22custom_color%22%3A%22%232a008c%22%7D%5D&#8221;][vc_empty_space][\/vc_column_inner][vc_column_inner width=&#8221;1\/4&#8243;][\/vc_column_inner][\/vc_row_inner][\/vc_column][\/vc_row][vc_row css=&#8221;.vc_custom_1627038767941{background-color: #fafafa !important;}&#8221; el_id=&#8221;formacio&#8221;][vc_column][vc_empty_space height=&#8221;64&#8243;][vc_row_inner][vc_column_inner][vc_empty_space height=&#8221;10px&#8221;][vc_column_text]<\/p>\n<h2><span style=\"color: #cd55ad;\"><strong>Formaci\u00f3 i assessorament 2020<\/strong>\u00a0\u00a0 <\/span><\/h2>\n<p>[\/vc_column_text][vc_empty_space height=&#8221;26&#8243;][vc_column_text]Continuem oferint i atenent demandes de formaci\u00f3 i assessorament, ja que des de les escoles bressol els continua interessant la formaci\u00f3 sobre aspectes del desenvolupament sa de l\u2019infant i la seva crian\u00e7a. Aquestes formacions van dirigides tant a les fam\u00edlies, com a les mateixes educadores. Un equip de professionals de la nostra cooperativa porta terme aquesta formaci\u00f3, que no forma part de les funcions del CDIAP.<br \/>\nAquest any 2020, degut a la pand\u00e8mia, s\u2019han portat a terme menys formacions.<\/p>\n<p>&nbsp;<\/p>\n<p>Tanmateix, s\u2019han realitzat les formacions amb les seg\u00fcents tem\u00e0tiques:[\/vc_column_text][vc_empty_space height=&#8221;10px&#8221;][vc_empty_space height=&#8221;26&#8243;][vc_column_text css=&#8221;.vc_custom_1627397926732{padding-left: 15px !important;}&#8221;]\u2022 Contenci\u00f3 i regulaci\u00f3. TEA. Cas pr\u00e0ctic.<\/p>\n<p>\u2022 Acompanyament emocional als infants i fam\u00edlies a l&#8217;escola bressol, a partir de l&#8217;observaci\u00f3 i an\u00e0lisi d&#8217;un cas.<\/p>\n<p>\u2022 L&#8217;atenci\u00f3 de l&#8217;infant amb necessitats educatives especials: TEA.<\/p>\n<p>\u2022 Observaci\u00f3. Construcci\u00f3 de la identitat II.[\/vc_column_text][vc_empty_space height=&#8221;26&#8243;][vc_column_text]Aquest any 2020 s\u2019han realitzat 6 formacions, de les quals 1 es va fer a un altre CDIAP i 5 a educadores d\u2019escola bressol (algunes d\u2019aquestes formacions s\u2019han hagut de portar a terme de manera telem\u00e0tica)[\/vc_column_text][vc_empty_space height=&#8221;26&#8243;][vc_column_text]<\/p>\n<h2><span style=\"color: #cd55ad;\"><strong>Formaci\u00f3 a altres serveis<\/strong><\/span><\/h2>\n<p>[\/vc_column_text][vc_empty_space height=&#8221;26&#8243;][vc_column_text css=&#8221;.vc_custom_1627397790643{padding-left: 15px !important;}&#8221;]\u2022 Formaci\u00f3 per al CDIAP SANT ADRI\u00c0 DEL BES\u00d3S: Introducci\u00f3 a les escales de desenvolupament MERRILL-PALMER-R.[\/vc_column_text][vc_empty_space height=&#8221;26&#8243;][vc_column_text]<\/p>\n<h2><span style=\"color: #cd55ad;\"><strong>Formaci\u00f3 a educadores<br \/>\n<\/strong><\/span><\/h2>\n<p>[\/vc_column_text][vc_empty_space height=&#8221;26&#8243;][vc_column_text css=&#8221;.vc_custom_1627397735331{padding-left: 15px !important;}&#8221;]\u2022 2 formaci\u00f3ns a educadores de l&#8217;escola bressol Giravoltes (Granollers)<br \/>\n\u2022 2 formaci\u00f3ns a educadores de l&#8217;escola bressol La tortuga (Granollers)<br \/>\n\u2022 Formaci\u00f3 a educadores de l&#8217;escola bressol El teler (Granollers)[\/vc_column_text][vc_empty_space height=&#8221;32&#8243;][\/vc_column_inner][\/vc_row_inner][vc_empty_space height=&#8221;64&#8243;][\/vc_column][\/vc_row][vc_row][vc_column][vc_column_text]<br \/>\n[\/vc_column_text][\/vc_column][\/vc_row]<\/p>\n","protected":false},"excerpt":{"rendered":"<p>[vc_row content_full_width=&#8221;1&#8243; css=&#8221;.vc_custom_1625746689851{margin-top: -12px !important;margin-bottom: -35px !important;}&#8221; el_class=&#8221;bajar&#8221;][vc_column][vc_empty_space height=&#8221;26&#8243;][vc_column_text] Mem\u00f2ria anual 2020 [\/vc_column_text][vc_empty_space height=&#8221;26&#8243;][vc_images_carousel images=&#8221;6709&#8243; img_size=&#8221;full&#8221; onclick=&#8221;link_no&#8221; autoplay=&#8221;yes&#8221; hide_pagination_control=&#8221;yes&#8221; hide_prev_next_buttons=&#8221;yes&#8221; wrap=&#8221;yes&#8221;][vc_row_inner el_class=&#8221;bg-img-none margin-t-40&#8243; css=&#8221;.vc_custom_1625829634591{padding-top: 20px !important;padding-right: 10% !important;padding-bottom: 10px !important;padding-left: 10% !important;background-color: rgba(255,255,255,0.8) !important;background-position: center !important;background-repeat: no-repeat !important;background-size: cover !important;*background-color: rgb(255,255,255) !important;}&#8221; el_id=&#8221;serveis&#8221;][vc_column_inner offset=&#8221;vc_col-lg-3 vc_col-md-12 vc_col-xs-12&#8243; css=&#8221;.vc_custom_1462551288159{padding-top: 0px !important;}&#8221;][vc_single_image image=&#8221;6706&#8243; img_size=&#8221;full&#8221; alignment=&#8221;center&#8221; onclick=&#8221;custom_link&#8221; link=&#8221;#presentacio&#8221;][vc_column_text] PRESENTACI\u00d3 [&hellip;]<\/p>\n","protected":false},"author":6,"featured_media":0,"parent":0,"menu_order":0,"comment_status":"closed","ping_status":"closed","template":"","meta":{"footnotes":""},"class_list":["post-6654","page","type-page","status-publish","hentry"],"post_mailing_queue_ids":[],"_links":{"self":[{"href":"https:\/\/capivo.cat\/ca\/wp-json\/wp\/v2\/pages\/6654","targetHints":{"allow":["GET"]}}],"collection":[{"href":"https:\/\/capivo.cat\/ca\/wp-json\/wp\/v2\/pages"}],"about":[{"href":"https:\/\/capivo.cat\/ca\/wp-json\/wp\/v2\/types\/page"}],"author":[{"embeddable":true,"href":"https:\/\/capivo.cat\/ca\/wp-json\/wp\/v2\/users\/6"}],"replies":[{"embeddable":true,"href":"https:\/\/capivo.cat\/ca\/wp-json\/wp\/v2\/comments?post=6654"}],"version-history":[{"count":70,"href":"https:\/\/capivo.cat\/ca\/wp-json\/wp\/v2\/pages\/6654\/revisions"}],"predecessor-version":[{"id":6832,"href":"https:\/\/capivo.cat\/ca\/wp-json\/wp\/v2\/pages\/6654\/revisions\/6832"}],"wp:attachment":[{"href":"https:\/\/capivo.cat\/ca\/wp-json\/wp\/v2\/media?parent=6654"}],"curies":[{"name":"wp","href":"https:\/\/api.w.org\/{rel}","templated":true}]}}